{"id":65,"date":"2018-09-18T23:59:04","date_gmt":"2018-09-18T23:59:04","guid":{"rendered":"http:\/\/alemdojob.ielusc.br\/?page_id=65"},"modified":"2020-11-21T01:31:16","modified_gmt":"2020-11-21T04:31:16","slug":"quemsomos","status":"publish","type":"page","link":"https:\/\/alemdojob.ielusc.br\/index.php\/quemsomos\/","title":{"rendered":"Quem somos"},"content":{"rendered":"\r\n<p class=\"has-text-align-left\"><strong><span class=\"has-inline-color has-black-color\">Como tudo come\u00e7ou?<br><\/span><\/strong><\/p>\r\n\r\n<p style=\"text-align: left;\"><span style=\"font-weight: 400;\">Al\u00e9m do Job \u00e9 um projeto inicialmente desenvolvido pelos alunos da quarta fase do curso de Publicidade e Propaganda da <a href=\"http:\/\/faculdade.ielusc.br\/cursos\/graduacao\/publicidade-e-propaganda\/\" target=\"_blank\" rel=\"noopener noreferrer\">Faculdade IELUSC<\/a>, criado em de 2019. O site tem como objetivo publicar conte\u00fados diversificados sobre publicidade, direcionado para acad\u00eamicos ou jovens que pretendem ingressar no meio. Aqui no Al\u00e9m do Job queremos servir de apoio ao estudante, ao que se refere a conte\u00fados extraclasse e\/ou aprofundamento em quest\u00f5es da \u00e1rea.<\/span><\/p>\r\n<p style=\"text-align: left;\"><span style=\"font-weight: 400;\">Temos como vis\u00e3o ser um site referencial em conte\u00fado publicit\u00e1rio, reconhecido por fornecer informa\u00e7\u00f5es diversificados e de qualidade e por possuir uma linguagem did\u00e1tica. Al\u00e9m de tudo isso, temos posts di\u00e1rios com conte\u00fados e novidades para o mercado publicit\u00e1rio. Nos acompanhem nas redes sociais! <\/span><\/p>\r\n<p><img decoding=\"async\" loading=\"lazy\" class=\"size-full wp-image-2095\" src=\"http:\/\/alemdojob.ielusc.br\/wp-content\/uploads\/2020\/11\/Cards-AlemdoJob-Adrielen-Cavalheiro-2.png\" alt=\"Adrielen Cavalheiro\" width=\"600\" height=\"200\" srcset=\"https:\/\/alemdojob.ielusc.br\/wp-content\/uploads\/2020\/11\/Cards-AlemdoJob-Adrielen-Cavalheiro-2.png 600w, https:\/\/alemdojob.ielusc.br\/wp-content\/uploads\/2020\/11\/Cards-AlemdoJob-Adrielen-Cavalheiro-2-300x100.png 300w, https:\/\/alemdojob.ielusc.br\/wp-content\/uploads\/2020\/11\/Cards-AlemdoJob-Adrielen-Cavalheiro-2-180x60.png 180w\" sizes=\"(max-width: 600px) 100vw, 600px\" \/> <img decoding=\"async\" loading=\"lazy\" class=\"size-full wp-image-2119\" src=\"http:\/\/alemdojob.ielusc.br\/wp-content\/uploads\/2020\/11\/Cards-AlemdoJob-Vanessa.png\" alt=\"Vanessa\" width=\"600\" height=\"200\" srcset=\"https:\/\/alemdojob.ielusc.br\/wp-content\/uploads\/2020\/11\/Cards-AlemdoJob-Vanessa.png 600w, https:\/\/alemdojob.ielusc.br\/wp-content\/uploads\/2020\/11\/Cards-AlemdoJob-Vanessa-300x100.png 300w, https:\/\/alemdojob.ielusc.br\/wp-content\/uploads\/2020\/11\/Cards-AlemdoJob-Vanessa-180x60.png 180w\" sizes=\"(max-width: 600px) 100vw, 600px\" \/> <img decoding=\"async\" loading=\"lazy\" class=\"size-full wp-image-2118\" src=\"http:\/\/alemdojob.ielusc.br\/wp-content\/uploads\/2020\/11\/Cards-AlemdoJob-Paula-Souza-1.png\" alt=\"Paula Souza\" width=\"600\" height=\"200\" srcset=\"https:\/\/alemdojob.ielusc.br\/wp-content\/uploads\/2020\/11\/Cards-AlemdoJob-Paula-Souza-1.png 600w, https:\/\/alemdojob.ielusc.br\/wp-content\/uploads\/2020\/11\/Cards-AlemdoJob-Paula-Souza-1-300x100.png 300w, https:\/\/alemdojob.ielusc.br\/wp-content\/uploads\/2020\/11\/Cards-AlemdoJob-Paula-Souza-1-180x60.png 180w\" sizes=\"(max-width: 600px) 100vw, 600px\" \/> <img decoding=\"async\" loading=\"lazy\" class=\"size-full wp-image-2117\" src=\"http:\/\/alemdojob.ielusc.br\/wp-content\/uploads\/2020\/11\/Cards-AlemdoJob-Matheus-Oliveira-1.png\" alt=\"Matheus Oliveira\" width=\"600\" height=\"200\" srcset=\"https:\/\/alemdojob.ielusc.br\/wp-content\/uploads\/2020\/11\/Cards-AlemdoJob-Matheus-Oliveira-1.png 600w, https:\/\/alemdojob.ielusc.br\/wp-content\/uploads\/2020\/11\/Cards-AlemdoJob-Matheus-Oliveira-1-300x100.png 300w, https:\/\/alemdojob.ielusc.br\/wp-content\/uploads\/2020\/11\/Cards-AlemdoJob-Matheus-Oliveira-1-180x60.png 180w\" sizes=\"(max-width: 600px) 100vw, 600px\" \/> <img decoding=\"async\" loading=\"lazy\" class=\"size-full wp-image-2116\" src=\"http:\/\/alemdojob.ielusc.br\/wp-content\/uploads\/2020\/11\/Cards-AlemdoJob-Maicon-Goncalves-1.png\" alt=\"Maciona Gon\u00e7alves\" width=\"600\" height=\"200\" srcset=\"https:\/\/alemdojob.ielusc.br\/wp-content\/uploads\/2020\/11\/Cards-AlemdoJob-Maicon-Goncalves-1.png 600w, https:\/\/alemdojob.ielusc.br\/wp-content\/uploads\/2020\/11\/Cards-AlemdoJob-Maicon-Goncalves-1-300x100.png 300w, https:\/\/alemdojob.ielusc.br\/wp-content\/uploads\/2020\/11\/Cards-AlemdoJob-Maicon-Goncalves-1-180x60.png 180w\" sizes=\"(max-width: 600px) 100vw, 600px\" \/> <img decoding=\"async\" loading=\"lazy\" class=\"size-full wp-image-2115\" src=\"http:\/\/alemdojob.ielusc.br\/wp-content\/uploads\/2020\/11\/Cards-AlemdoJob-Luiz-Fernando-1.png\" alt=\"Luiz Fernando\" width=\"600\" height=\"200\" srcset=\"https:\/\/alemdojob.ielusc.br\/wp-content\/uploads\/2020\/11\/Cards-AlemdoJob-Luiz-Fernando-1.png 600w, https:\/\/alemdojob.ielusc.br\/wp-content\/uploads\/2020\/11\/Cards-AlemdoJob-Luiz-Fernando-1-300x100.png 300w, https:\/\/alemdojob.ielusc.br\/wp-content\/uploads\/2020\/11\/Cards-AlemdoJob-Luiz-Fernando-1-180x60.png 180w\" sizes=\"(max-width: 600px) 100vw, 600px\" \/> <img decoding=\"async\" loading=\"lazy\" class=\"size-full wp-image-2114\" src=\"http:\/\/alemdojob.ielusc.br\/wp-content\/uploads\/2020\/11\/Cards-AlemdoJob-Luana-Kreuch-1.png\" alt=\"Luana Kreuch\" width=\"600\" height=\"200\" srcset=\"https:\/\/alemdojob.ielusc.br\/wp-content\/uploads\/2020\/11\/Cards-AlemdoJob-Luana-Kreuch-1.png 600w, https:\/\/alemdojob.ielusc.br\/wp-content\/uploads\/2020\/11\/Cards-AlemdoJob-Luana-Kreuch-1-300x100.png 300w, https:\/\/alemdojob.ielusc.br\/wp-content\/uploads\/2020\/11\/Cards-AlemdoJob-Luana-Kreuch-1-180x60.png 180w\" sizes=\"(max-width: 600px) 100vw, 600px\" \/> <img decoding=\"async\" loading=\"lazy\" class=\"size-full wp-image-2113\" src=\"http:\/\/alemdojob.ielusc.br\/wp-content\/uploads\/2020\/11\/Cards-AlemdoJob-Livia-Vieira-1.png\" alt=\"Livia Vieira\" width=\"600\" height=\"200\" srcset=\"https:\/\/alemdojob.ielusc.br\/wp-content\/uploads\/2020\/11\/Cards-AlemdoJob-Livia-Vieira-1.png 600w, https:\/\/alemdojob.ielusc.br\/wp-content\/uploads\/2020\/11\/Cards-AlemdoJob-Livia-Vieira-1-300x100.png 300w, https:\/\/alemdojob.ielusc.br\/wp-content\/uploads\/2020\/11\/Cards-AlemdoJob-Livia-Vieira-1-180x60.png 180w\" sizes=\"(max-width: 600px) 100vw, 600px\" \/> <img decoding=\"async\" loading=\"lazy\" class=\"size-full wp-image-2112\" src=\"http:\/\/alemdojob.ielusc.br\/wp-content\/uploads\/2020\/11\/Cards-AlemdoJob-Julia-Moreira-1.png\" alt=\"Julia Moreira\" width=\"600\" height=\"200\" srcset=\"https:\/\/alemdojob.ielusc.br\/wp-content\/uploads\/2020\/11\/Cards-AlemdoJob-Julia-Moreira-1.png 600w, https:\/\/alemdojob.ielusc.br\/wp-content\/uploads\/2020\/11\/Cards-AlemdoJob-Julia-Moreira-1-300x100.png 300w, https:\/\/alemdojob.ielusc.br\/wp-content\/uploads\/2020\/11\/Cards-AlemdoJob-Julia-Moreira-1-180x60.png 180w\" sizes=\"(max-width: 600px) 100vw, 600px\" \/> <img decoding=\"async\" loading=\"lazy\" class=\"size-full wp-image-2111\" src=\"http:\/\/alemdojob.ielusc.br\/wp-content\/uploads\/2020\/11\/Cards-AlemdoJob-Janaina-1.png\" alt=\"Janaina\" width=\"600\" height=\"200\" srcset=\"https:\/\/alemdojob.ielusc.br\/wp-content\/uploads\/2020\/11\/Cards-AlemdoJob-Janaina-1.png 600w, https:\/\/alemdojob.ielusc.br\/wp-content\/uploads\/2020\/11\/Cards-AlemdoJob-Janaina-1-300x100.png 300w, https:\/\/alemdojob.ielusc.br\/wp-content\/uploads\/2020\/11\/Cards-AlemdoJob-Janaina-1-180x60.png 180w\" sizes=\"(max-width: 600px) 100vw, 600px\" \/> <img decoding=\"async\" loading=\"lazy\" class=\"size-full wp-image-2110\" src=\"http:\/\/alemdojob.ielusc.br\/wp-content\/uploads\/2020\/11\/Cards-AlemdoJob-Jade-Fernandes-1.png\" alt=\"Jade Fernandes\" width=\"600\" height=\"200\" srcset=\"https:\/\/alemdojob.ielusc.br\/wp-content\/uploads\/2020\/11\/Cards-AlemdoJob-Jade-Fernandes-1.png 600w, https:\/\/alemdojob.ielusc.br\/wp-content\/uploads\/2020\/11\/Cards-AlemdoJob-Jade-Fernandes-1-300x100.png 300w, https:\/\/alemdojob.ielusc.br\/wp-content\/uploads\/2020\/11\/Cards-AlemdoJob-Jade-Fernandes-1-180x60.png 180w\" sizes=\"(max-width: 600px) 100vw, 600px\" \/> <img decoding=\"async\" loading=\"lazy\" class=\"size-full wp-image-2109\" src=\"http:\/\/alemdojob.ielusc.br\/wp-content\/uploads\/2020\/11\/Cards-AlemdoJob-Isabela-Menezes-1.png\" alt=\"Isabela Menezes\" width=\"600\" height=\"200\" srcset=\"https:\/\/alemdojob.ielusc.br\/wp-content\/uploads\/2020\/11\/Cards-AlemdoJob-Isabela-Menezes-1.png 600w, https:\/\/alemdojob.ielusc.br\/wp-content\/uploads\/2020\/11\/Cards-AlemdoJob-Isabela-Menezes-1-300x100.png 300w, https:\/\/alemdojob.ielusc.br\/wp-content\/uploads\/2020\/11\/Cards-AlemdoJob-Isabela-Menezes-1-180x60.png 180w\" sizes=\"(max-width: 600px) 100vw, 600px\" \/> <img decoding=\"async\" loading=\"lazy\" class=\"size-full wp-image-2108\" src=\"http:\/\/alemdojob.ielusc.br\/wp-content\/uploads\/2020\/11\/Cards-AlemdoJob-Ieza-Miranda-1.png\" alt=\"Ieza Miranda\" width=\"600\" height=\"200\" srcset=\"https:\/\/alemdojob.ielusc.br\/wp-content\/uploads\/2020\/11\/Cards-AlemdoJob-Ieza-Miranda-1.png 600w, https:\/\/alemdojob.ielusc.br\/wp-content\/uploads\/2020\/11\/Cards-AlemdoJob-Ieza-Miranda-1-300x100.png 300w, https:\/\/alemdojob.ielusc.br\/wp-content\/uploads\/2020\/11\/Cards-AlemdoJob-Ieza-Miranda-1-180x60.png 180w\" sizes=\"(max-width: 600px) 100vw, 600px\" \/> <img decoding=\"async\" loading=\"lazy\" class=\"size-full wp-image-2107\" src=\"http:\/\/alemdojob.ielusc.br\/wp-content\/uploads\/2020\/11\/Cards-AlemdoJob-Henrique-Pereira-1.png\" alt=\"Henrique Pereira\" width=\"600\" height=\"200\" srcset=\"https:\/\/alemdojob.ielusc.br\/wp-content\/uploads\/2020\/11\/Cards-AlemdoJob-Henrique-Pereira-1.png 600w, https:\/\/alemdojob.ielusc.br\/wp-content\/uploads\/2020\/11\/Cards-AlemdoJob-Henrique-Pereira-1-300x100.png 300w, https:\/\/alemdojob.ielusc.br\/wp-content\/uploads\/2020\/11\/Cards-AlemdoJob-Henrique-Pereira-1-180x60.png 180w\" sizes=\"(max-width: 600px) 100vw, 600px\" \/> <img decoding=\"async\" loading=\"lazy\" class=\"size-full wp-image-2106\" src=\"http:\/\/alemdojob.ielusc.br\/wp-content\/uploads\/2020\/11\/Cards-AlemdoJob-Hadanna-Felix-1.png\" alt=\"Hadanna Felix\" width=\"600\" height=\"200\" srcset=\"https:\/\/alemdojob.ielusc.br\/wp-content\/uploads\/2020\/11\/Cards-AlemdoJob-Hadanna-Felix-1.png 600w, https:\/\/alemdojob.ielusc.br\/wp-content\/uploads\/2020\/11\/Cards-AlemdoJob-Hadanna-Felix-1-300x100.png 300w, https:\/\/alemdojob.ielusc.br\/wp-content\/uploads\/2020\/11\/Cards-AlemdoJob-Hadanna-Felix-1-180x60.png 180w\" sizes=\"(max-width: 600px) 100vw, 600px\" \/> <img decoding=\"async\" loading=\"lazy\" class=\"size-full wp-image-2105\" src=\"http:\/\/alemdojob.ielusc.br\/wp-content\/uploads\/2020\/11\/Cards-AlemdoJob-Gustavo-Correa-1.png\" alt=\"Gustavo Correa\" width=\"600\" height=\"200\" srcset=\"https:\/\/alemdojob.ielusc.br\/wp-content\/uploads\/2020\/11\/Cards-AlemdoJob-Gustavo-Correa-1.png 600w, https:\/\/alemdojob.ielusc.br\/wp-content\/uploads\/2020\/11\/Cards-AlemdoJob-Gustavo-Correa-1-300x100.png 300w, https:\/\/alemdojob.ielusc.br\/wp-content\/uploads\/2020\/11\/Cards-AlemdoJob-Gustavo-Correa-1-180x60.png 180w\" sizes=\"(max-width: 600px) 100vw, 600px\" \/> <img decoding=\"async\" loading=\"lazy\" class=\"size-full wp-image-2104\" src=\"http:\/\/alemdojob.ielusc.br\/wp-content\/uploads\/2020\/11\/Cards-AlemdoJob-Gustavo-Altreider-1.png\" alt=\"Gustavo Altreider\" width=\"600\" height=\"200\" srcset=\"https:\/\/alemdojob.ielusc.br\/wp-content\/uploads\/2020\/11\/Cards-AlemdoJob-Gustavo-Altreider-1.png 600w, https:\/\/alemdojob.ielusc.br\/wp-content\/uploads\/2020\/11\/Cards-AlemdoJob-Gustavo-Altreider-1-300x100.png 300w, https:\/\/alemdojob.ielusc.br\/wp-content\/uploads\/2020\/11\/Cards-AlemdoJob-Gustavo-Altreider-1-180x60.png 180w\" sizes=\"(max-width: 600px) 100vw, 600px\" \/> <img decoding=\"async\" loading=\"lazy\" class=\"size-full wp-image-2103\" src=\"http:\/\/alemdojob.ielusc.br\/wp-content\/uploads\/2020\/11\/Cards-AlemdoJob-Giulia-Wehmuth-1.png\" alt=\"Giulia Wehmuth\" width=\"600\" height=\"200\" srcset=\"https:\/\/alemdojob.ielusc.br\/wp-content\/uploads\/2020\/11\/Cards-AlemdoJob-Giulia-Wehmuth-1.png 600w, https:\/\/alemdojob.ielusc.br\/wp-content\/uploads\/2020\/11\/Cards-AlemdoJob-Giulia-Wehmuth-1-300x100.png 300w, https:\/\/alemdojob.ielusc.br\/wp-content\/uploads\/2020\/11\/Cards-AlemdoJob-Giulia-Wehmuth-1-180x60.png 180w\" sizes=\"(max-width: 600px) 100vw, 600px\" \/> <img decoding=\"async\" loading=\"lazy\" class=\"size-full wp-image-2102\" src=\"http:\/\/alemdojob.ielusc.br\/wp-content\/uploads\/2020\/11\/Cards-AlemdoJob-Gabriel-Farias-1.png\" alt=\"Gabriel Farias\" width=\"600\" height=\"200\" srcset=\"https:\/\/alemdojob.ielusc.br\/wp-content\/uploads\/2020\/11\/Cards-AlemdoJob-Gabriel-Farias-1.png 600w, https:\/\/alemdojob.ielusc.br\/wp-content\/uploads\/2020\/11\/Cards-AlemdoJob-Gabriel-Farias-1-300x100.png 300w, https:\/\/alemdojob.ielusc.br\/wp-content\/uploads\/2020\/11\/Cards-AlemdoJob-Gabriel-Farias-1-180x60.png 180w\" sizes=\"(max-width: 600px) 100vw, 600px\" \/> <img decoding=\"async\" loading=\"lazy\" class=\"size-full wp-image-2101\" src=\"http:\/\/alemdojob.ielusc.br\/wp-content\/uploads\/2020\/11\/Cards-AlemdoJob-Francis-1.png\" alt=\"Francis\" width=\"600\" height=\"200\" srcset=\"https:\/\/alemdojob.ielusc.br\/wp-content\/uploads\/2020\/11\/Cards-AlemdoJob-Francis-1.png 600w, https:\/\/alemdojob.ielusc.br\/wp-content\/uploads\/2020\/11\/Cards-AlemdoJob-Francis-1-300x100.png 300w, https:\/\/alemdojob.ielusc.br\/wp-content\/uploads\/2020\/11\/Cards-AlemdoJob-Francis-1-180x60.png 180w\" sizes=\"(max-width: 600px) 100vw, 600px\" \/> <img decoding=\"async\" loading=\"lazy\" class=\"size-full wp-image-2100\" src=\"http:\/\/alemdojob.ielusc.br\/wp-content\/uploads\/2020\/11\/Cards-AlemdoJob-Fernando-Moreira-1.png\" alt=\"Fernando Moreira\" width=\"600\" height=\"200\" srcset=\"https:\/\/alemdojob.ielusc.br\/wp-content\/uploads\/2020\/11\/Cards-AlemdoJob-Fernando-Moreira-1.png 600w, https:\/\/alemdojob.ielusc.br\/wp-content\/uploads\/2020\/11\/Cards-AlemdoJob-Fernando-Moreira-1-300x100.png 300w, https:\/\/alemdojob.ielusc.br\/wp-content\/uploads\/2020\/11\/Cards-AlemdoJob-Fernando-Moreira-1-180x60.png 180w\" sizes=\"(max-width: 600px) 100vw, 600px\" \/> <img decoding=\"async\" loading=\"lazy\" class=\"size-full wp-image-2099\" src=\"http:\/\/alemdojob.ielusc.br\/wp-content\/uploads\/2020\/11\/Cards-AlemdoJob-Diva-Ribeiro-1.png\" alt=\"Diva Ribeiro\" width=\"600\" height=\"200\" srcset=\"https:\/\/alemdojob.ielusc.br\/wp-content\/uploads\/2020\/11\/Cards-AlemdoJob-Diva-Ribeiro-1.png 600w, https:\/\/alemdojob.ielusc.br\/wp-content\/uploads\/2020\/11\/Cards-AlemdoJob-Diva-Ribeiro-1-300x100.png 300w, https:\/\/alemdojob.ielusc.br\/wp-content\/uploads\/2020\/11\/Cards-AlemdoJob-Diva-Ribeiro-1-180x60.png 180w\" sizes=\"(max-width: 600px) 100vw, 600px\" \/> <img decoding=\"async\" loading=\"lazy\" class=\"size-full wp-image-2098\" src=\"http:\/\/alemdojob.ielusc.br\/wp-content\/uploads\/2020\/11\/Cards-AlemdoJob-Carlos-Castro-1.png\" alt=\"Carlos Castro\" width=\"600\" height=\"200\" srcset=\"https:\/\/alemdojob.ielusc.br\/wp-content\/uploads\/2020\/11\/Cards-AlemdoJob-Carlos-Castro-1.png 600w, https:\/\/alemdojob.ielusc.br\/wp-content\/uploads\/2020\/11\/Cards-AlemdoJob-Carlos-Castro-1-300x100.png 300w, https:\/\/alemdojob.ielusc.br\/wp-content\/uploads\/2020\/11\/Cards-AlemdoJob-Carlos-Castro-1-180x60.png 180w\" sizes=\"(max-width: 600px) 100vw, 600px\" \/> <img decoding=\"async\" loading=\"lazy\" class=\"size-full wp-image-2097\" src=\"http:\/\/alemdojob.ielusc.br\/wp-content\/uploads\/2020\/11\/Cards-AlemdoJob-Bruna-Milany.png\" alt=\"Bruna Milany\" width=\"600\" height=\"200\" srcset=\"https:\/\/alemdojob.ielusc.br\/wp-content\/uploads\/2020\/11\/Cards-AlemdoJob-Bruna-Milany.png 600w, https:\/\/alemdojob.ielusc.br\/wp-content\/uploads\/2020\/11\/Cards-AlemdoJob-Bruna-Milany-300x100.png 300w, https:\/\/alemdojob.ielusc.br\/wp-content\/uploads\/2020\/11\/Cards-AlemdoJob-Bruna-Milany-180x60.png 180w\" sizes=\"(max-width: 600px) 100vw, 600px\" \/> <img decoding=\"async\" loading=\"lazy\" class=\"size-full wp-image-2096\" src=\"http:\/\/alemdojob.ielusc.br\/wp-content\/uploads\/2020\/11\/Cards-AlemdoJob-Andreza-Giotto-2.png\" alt=\"Andreza Giotto\" width=\"600\" height=\"200\" srcset=\"https:\/\/alemdojob.ielusc.br\/wp-content\/uploads\/2020\/11\/Cards-AlemdoJob-Andreza-Giotto-2.png 600w, https:\/\/alemdojob.ielusc.br\/wp-content\/uploads\/2020\/11\/Cards-AlemdoJob-Andreza-Giotto-2-300x100.png 300w, https:\/\/alemdojob.ielusc.br\/wp-content\/uploads\/2020\/11\/Cards-AlemdoJob-Andreza-Giotto-2-180x60.png 180w\" sizes=\"(max-width: 600px) 100vw, 600px\" \/><\/p>\r\n<p><strong>Nova equipe do Al\u00e9m do Job une futuros publicit\u00e1rios e futuros jornalistas<\/strong><span style=\"font-weight: 400;\">&nbsp; &nbsp; &nbsp; &nbsp; &nbsp; &nbsp; &nbsp; &nbsp; &nbsp; &nbsp; &nbsp; &nbsp; &nbsp; &nbsp; &nbsp; &nbsp; &nbsp; &nbsp; &nbsp; &nbsp; &nbsp; &nbsp; &nbsp; &nbsp; &nbsp; &nbsp; &nbsp; &nbsp;&nbsp; <\/span><span style=\"font-weight: 400;\">&nbsp; &nbsp; &nbsp; &nbsp; &nbsp; &nbsp; &nbsp; &nbsp; &nbsp; &nbsp;&nbsp; <\/span><span style=\"font-weight: 400;\">&nbsp; &nbsp; &nbsp; &nbsp; &nbsp; &nbsp; &nbsp; &nbsp; &nbsp; &nbsp; &nbsp; &nbsp; &nbsp; &nbsp; &nbsp; &nbsp; &nbsp; &nbsp; &nbsp; &nbsp; &nbsp; &nbsp; &nbsp; &nbsp; &nbsp; &nbsp; &nbsp; &nbsp; &nbsp; &nbsp; &nbsp; &nbsp; &nbsp; &nbsp; &nbsp; &nbsp; &nbsp; &nbsp; &nbsp; &nbsp; &nbsp; &nbsp; &nbsp; &nbsp; &nbsp; &nbsp; &nbsp; <\/span><\/p>\r\n\r\n<p><img decoding=\"async\" loading=\"lazy\" class=\"size-full wp-image-2123\" src=\"http:\/\/alemdojob.ielusc.br\/wp-content\/uploads\/2020\/11\/Cards-AlemdoJob-Jaqueline-Norenberg.png\" alt=\"Jaqueline Norenber\" width=\"600\" height=\"200\" srcset=\"https:\/\/alemdojob.ielusc.br\/wp-content\/uploads\/2020\/11\/Cards-AlemdoJob-Jaqueline-Norenberg.png 600w, https:\/\/alemdojob.ielusc.br\/wp-content\/uploads\/2020\/11\/Cards-AlemdoJob-Jaqueline-Norenberg-300x100.png 300w, https:\/\/alemdojob.ielusc.br\/wp-content\/uploads\/2020\/11\/Cards-AlemdoJob-Jaqueline-Norenberg-180x60.png 180w\" sizes=\"(max-width: 600px) 100vw, 600px\" \/> <img decoding=\"async\" loading=\"lazy\" class=\"size-full wp-image-2124\" src=\"http:\/\/alemdojob.ielusc.br\/wp-content\/uploads\/2020\/11\/Cards-AlemdoJob-Julia-Moreira-2.png\" alt=\"Julia Moreira\" width=\"600\" height=\"200\" srcset=\"https:\/\/alemdojob.ielusc.br\/wp-content\/uploads\/2020\/11\/Cards-AlemdoJob-Julia-Moreira-2.png 600w, https:\/\/alemdojob.ielusc.br\/wp-content\/uploads\/2020\/11\/Cards-AlemdoJob-Julia-Moreira-2-300x100.png 300w, https:\/\/alemdojob.ielusc.br\/wp-content\/uploads\/2020\/11\/Cards-AlemdoJob-Julia-Moreira-2-180x60.png 180w\" sizes=\"(max-width: 600px) 100vw, 600px\" \/> <img decoding=\"async\" loading=\"lazy\" class=\"size-full wp-image-2125\" src=\"http:\/\/alemdojob.ielusc.br\/wp-content\/uploads\/2020\/11\/Cards-AlemdoJob-Julia-Venturi.png\" alt=\"Julia Venturi\" width=\"600\" height=\"200\" srcset=\"https:\/\/alemdojob.ielusc.br\/wp-content\/uploads\/2020\/11\/Cards-AlemdoJob-Julia-Venturi.png 600w, https:\/\/alemdojob.ielusc.br\/wp-content\/uploads\/2020\/11\/Cards-AlemdoJob-Julia-Venturi-300x100.png 300w, https:\/\/alemdojob.ielusc.br\/wp-content\/uploads\/2020\/11\/Cards-AlemdoJob-Julia-Venturi-180x60.png 180w\" sizes=\"(max-width: 600px) 100vw, 600px\" \/> <img decoding=\"async\" loading=\"lazy\" class=\"size-full wp-image-2126\" src=\"http:\/\/alemdojob.ielusc.br\/wp-content\/uploads\/2020\/11\/Cards-AlemdoJob-Leonardo-Machado.png\" alt=\"Leonardo Machado\" width=\"600\" height=\"200\" srcset=\"https:\/\/alemdojob.ielusc.br\/wp-content\/uploads\/2020\/11\/Cards-AlemdoJob-Leonardo-Machado.png 600w, https:\/\/alemdojob.ielusc.br\/wp-content\/uploads\/2020\/11\/Cards-AlemdoJob-Leonardo-Machado-300x100.png 300w, https:\/\/alemdojob.ielusc.br\/wp-content\/uploads\/2020\/11\/Cards-AlemdoJob-Leonardo-Machado-180x60.png 180w\" sizes=\"(max-width: 600px) 100vw, 600px\" \/> <img decoding=\"async\" loading=\"lazy\" class=\"size-full wp-image-2127\" src=\"http:\/\/alemdojob.ielusc.br\/wp-content\/uploads\/2020\/11\/Cards-AlemdoJob-Lorena-Fanhani-.png\" alt=\"Lorena Fanhani\" width=\"600\" height=\"200\" srcset=\"https:\/\/alemdojob.ielusc.br\/wp-content\/uploads\/2020\/11\/Cards-AlemdoJob-Lorena-Fanhani-.png 600w, https:\/\/alemdojob.ielusc.br\/wp-content\/uploads\/2020\/11\/Cards-AlemdoJob-Lorena-Fanhani--300x100.png 300w, https:\/\/alemdojob.ielusc.br\/wp-content\/uploads\/2020\/11\/Cards-AlemdoJob-Lorena-Fanhani--180x60.png 180w\" sizes=\"(max-width: 600px) 100vw, 600px\" \/> <img decoding=\"async\" loading=\"lazy\" class=\"size-full wp-image-2128\" src=\"http:\/\/alemdojob.ielusc.br\/wp-content\/uploads\/2020\/11\/Cards-AlemdoJob-Lucas-Erom-Martins.png\" alt=\"Lucas Erom\" width=\"600\" height=\"200\" srcset=\"https:\/\/alemdojob.ielusc.br\/wp-content\/uploads\/2020\/11\/Cards-AlemdoJob-Lucas-Erom-Martins.png 600w, https:\/\/alemdojob.ielusc.br\/wp-content\/uploads\/2020\/11\/Cards-AlemdoJob-Lucas-Erom-Martins-300x100.png 300w, https:\/\/alemdojob.ielusc.br\/wp-content\/uploads\/2020\/11\/Cards-AlemdoJob-Lucas-Erom-Martins-180x60.png 180w\" sizes=\"(max-width: 600px) 100vw, 600px\" \/> <img decoding=\"async\" loading=\"lazy\" class=\"size-full wp-image-2129\" src=\"http:\/\/alemdojob.ielusc.br\/wp-content\/uploads\/2020\/11\/Cards-AlemdoJob-Luiz-Fernando-Moreira.png\" alt=\"Luiz Fernando\" width=\"600\" height=\"200\" srcset=\"https:\/\/alemdojob.ielusc.br\/wp-content\/uploads\/2020\/11\/Cards-AlemdoJob-Luiz-Fernando-Moreira.png 600w, https:\/\/alemdojob.ielusc.br\/wp-content\/uploads\/2020\/11\/Cards-AlemdoJob-Luiz-Fernando-Moreira-300x100.png 300w, https:\/\/alemdojob.ielusc.br\/wp-content\/uploads\/2020\/11\/Cards-AlemdoJob-Luiz-Fernando-Moreira-180x60.png 180w\" sizes=\"(max-width: 600px) 100vw, 600px\" \/> <img decoding=\"async\" loading=\"lazy\" class=\"size-full wp-image-2131\" src=\"http:\/\/alemdojob.ielusc.br\/wp-content\/uploads\/2020\/11\/Cards-AlemdoJob-Marcus-Hoffmann.png\" alt=\"Marcus Hoffmann\" width=\"600\" height=\"200\" srcset=\"https:\/\/alemdojob.ielusc.br\/wp-content\/uploads\/2020\/11\/Cards-AlemdoJob-Marcus-Hoffmann.png 600w, https:\/\/alemdojob.ielusc.br\/wp-content\/uploads\/2020\/11\/Cards-AlemdoJob-Marcus-Hoffmann-300x100.png 300w, https:\/\/alemdojob.ielusc.br\/wp-content\/uploads\/2020\/11\/Cards-AlemdoJob-Marcus-Hoffmann-180x60.png 180w\" sizes=\"(max-width: 600px) 100vw, 600px\" \/> <img decoding=\"async\" loading=\"lazy\" class=\"size-full wp-image-2132\" src=\"http:\/\/alemdojob.ielusc.br\/wp-content\/uploads\/2020\/11\/Cards-AlemdoJob-Marina-de-Andrade.png\" alt=\"Marina de Andrade\" width=\"600\" height=\"200\" srcset=\"https:\/\/alemdojob.ielusc.br\/wp-content\/uploads\/2020\/11\/Cards-AlemdoJob-Marina-de-Andrade.png 600w, https:\/\/alemdojob.ielusc.br\/wp-content\/uploads\/2020\/11\/Cards-AlemdoJob-Marina-de-Andrade-300x100.png 300w, https:\/\/alemdojob.ielusc.br\/wp-content\/uploads\/2020\/11\/Cards-AlemdoJob-Marina-de-Andrade-180x60.png 180w\" sizes=\"(max-width: 600px) 100vw, 600px\" \/> <img decoding=\"async\" loading=\"lazy\" class=\"size-full wp-image-2133\" src=\"http:\/\/alemdojob.ielusc.br\/wp-content\/uploads\/2020\/11\/Cards-AlemdoJob-Nadine-Quandt.png\" alt=\"Manide Quandt\" width=\"600\" height=\"200\" srcset=\"https:\/\/alemdojob.ielusc.br\/wp-content\/uploads\/2020\/11\/Cards-AlemdoJob-Nadine-Quandt.png 600w, https:\/\/alemdojob.ielusc.br\/wp-content\/uploads\/2020\/11\/Cards-AlemdoJob-Nadine-Quandt-300x100.png 300w, https:\/\/alemdojob.ielusc.br\/wp-content\/uploads\/2020\/11\/Cards-AlemdoJob-Nadine-Quandt-180x60.png 180w\" sizes=\"(max-width: 600px) 100vw, 600px\" \/> <img decoding=\"async\" loading=\"lazy\" class=\"size-full wp-image-2134\" src=\"http:\/\/alemdojob.ielusc.br\/wp-content\/uploads\/2020\/11\/Cards-AlemdoJob-Nycolas-Gabriel-Hartkopf.png\" alt=\"Nycolas Gabriel\" width=\"600\" height=\"200\" srcset=\"https:\/\/alemdojob.ielusc.br\/wp-content\/uploads\/2020\/11\/Cards-AlemdoJob-Nycolas-Gabriel-Hartkopf.png 600w, https:\/\/alemdojob.ielusc.br\/wp-content\/uploads\/2020\/11\/Cards-AlemdoJob-Nycolas-Gabriel-Hartkopf-300x100.png 300w, https:\/\/alemdojob.ielusc.br\/wp-content\/uploads\/2020\/11\/Cards-AlemdoJob-Nycolas-Gabriel-Hartkopf-180x60.png 180w\" sizes=\"(max-width: 600px) 100vw, 600px\" \/> <img decoding=\"async\" loading=\"lazy\" class=\"size-full wp-image-2135\" src=\"http:\/\/alemdojob.ielusc.br\/wp-content\/uploads\/2020\/11\/Cards-AlemdoJob-Samid-Borinelli-.png\" alt=\"Samid Borinelli\" width=\"600\" height=\"200\" srcset=\"https:\/\/alemdojob.ielusc.br\/wp-content\/uploads\/2020\/11\/Cards-AlemdoJob-Samid-Borinelli-.png 600w, https:\/\/alemdojob.ielusc.br\/wp-content\/uploads\/2020\/11\/Cards-AlemdoJob-Samid-Borinelli--300x100.png 300w, https:\/\/alemdojob.ielusc.br\/wp-content\/uploads\/2020\/11\/Cards-AlemdoJob-Samid-Borinelli--180x60.png 180w\" sizes=\"(max-width: 600px) 100vw, 600px\" \/> <img decoding=\"async\" loading=\"lazy\" class=\"size-full wp-image-2136\" src=\"http:\/\/alemdojob.ielusc.br\/wp-content\/uploads\/2020\/11\/Cards-AlemdoJob-Sara-Cardoso.png\" alt=\"Sara Cardoso\" width=\"600\" height=\"200\" srcset=\"https:\/\/alemdojob.ielusc.br\/wp-content\/uploads\/2020\/11\/Cards-AlemdoJob-Sara-Cardoso.png 600w, https:\/\/alemdojob.ielusc.br\/wp-content\/uploads\/2020\/11\/Cards-AlemdoJob-Sara-Cardoso-300x100.png 300w, https:\/\/alemdojob.ielusc.br\/wp-content\/uploads\/2020\/11\/Cards-AlemdoJob-Sara-Cardoso-180x60.png 180w\" sizes=\"(max-width: 600px) 100vw, 600px\" \/> <img decoding=\"async\" loading=\"lazy\" class=\"size-full wp-image-2137\" src=\"http:\/\/alemdojob.ielusc.br\/wp-content\/uploads\/2020\/11\/Cards-AlemdoJob-Thainara-Hoepfner.png\" alt=\"Thainara Hoepfner\" width=\"600\" height=\"200\" srcset=\"https:\/\/alemdojob.ielusc.br\/wp-content\/uploads\/2020\/11\/Cards-AlemdoJob-Thainara-Hoepfner.png 600w, https:\/\/alemdojob.ielusc.br\/wp-content\/uploads\/2020\/11\/Cards-AlemdoJob-Thainara-Hoepfner-300x100.png 300w, https:\/\/alemdojob.ielusc.br\/wp-content\/uploads\/2020\/11\/Cards-AlemdoJob-Thainara-Hoepfner-180x60.png 180w\" sizes=\"(max-width: 600px) 100vw, 600px\" \/> <img decoding=\"async\" loading=\"lazy\" class=\"size-full wp-image-2138\" src=\"http:\/\/alemdojob.ielusc.br\/wp-content\/uploads\/2020\/11\/Cards-AlemdoJob-Vinicius-Delmonego.png\" alt=\"Vinicius Delmonego\" width=\"600\" height=\"200\" srcset=\"https:\/\/alemdojob.ielusc.br\/wp-content\/uploads\/2020\/11\/Cards-AlemdoJob-Vinicius-Delmonego.png 600w, https:\/\/alemdojob.ielusc.br\/wp-content\/uploads\/2020\/11\/Cards-AlemdoJob-Vinicius-Delmonego-300x100.png 300w, https:\/\/alemdojob.ielusc.br\/wp-content\/uploads\/2020\/11\/Cards-AlemdoJob-Vinicius-Delmonego-180x60.png 180w\" sizes=\"(max-width: 600px) 100vw, 600px\" \/> <img decoding=\"async\" loading=\"lazy\" class=\"size-full wp-image-2139\" src=\"http:\/\/alemdojob.ielusc.br\/wp-content\/uploads\/2020\/11\/Cards-AlemdoJob-Vinicius-Sprotte.png\" alt=\"Vinicius Sprotte\" width=\"600\" height=\"200\" srcset=\"https:\/\/alemdojob.ielusc.br\/wp-content\/uploads\/2020\/11\/Cards-AlemdoJob-Vinicius-Sprotte.png 600w, https:\/\/alemdojob.ielusc.br\/wp-content\/uploads\/2020\/11\/Cards-AlemdoJob-Vinicius-Sprotte-300x100.png 300w, https:\/\/alemdojob.ielusc.br\/wp-content\/uploads\/2020\/11\/Cards-AlemdoJob-Vinicius-Sprotte-180x60.png 180w\" sizes=\"(max-width: 600px) 100vw, 600px\" \/> <img decoding=\"async\" loading=\"lazy\" class=\"size-full wp-image-2140\" src=\"http:\/\/alemdojob.ielusc.br\/wp-content\/uploads\/2020\/11\/Cards-AlemdoJob-Vitor-Henrique-de-Miranda.png\" alt=\"Vitor Henrique\" width=\"600\" height=\"200\" srcset=\"https:\/\/alemdojob.ielusc.br\/wp-content\/uploads\/2020\/11\/Cards-AlemdoJob-Vitor-Henrique-de-Miranda.png 600w, https:\/\/alemdojob.ielusc.br\/wp-content\/uploads\/2020\/11\/Cards-AlemdoJob-Vitor-Henrique-de-Miranda-300x100.png 300w, https:\/\/alemdojob.ielusc.br\/wp-content\/uploads\/2020\/11\/Cards-AlemdoJob-Vitor-Henrique-de-Miranda-180x60.png 180w\" sizes=\"(max-width: 600px) 100vw, 600px\" \/> <img decoding=\"async\" loading=\"lazy\" class=\"size-full wp-image-2141\" src=\"http:\/\/alemdojob.ielusc.br\/wp-content\/uploads\/2020\/11\/Cards-AlemdoJob-Carolina-de-Oliveira.png\" alt=\"Carolina de Oliveira\" width=\"600\" height=\"200\" srcset=\"https:\/\/alemdojob.ielusc.br\/wp-content\/uploads\/2020\/11\/Cards-AlemdoJob-Carolina-de-Oliveira.png 600w, https:\/\/alemdojob.ielusc.br\/wp-content\/uploads\/2020\/11\/Cards-AlemdoJob-Carolina-de-Oliveira-300x100.png 300w, https:\/\/alemdojob.ielusc.br\/wp-content\/uploads\/2020\/11\/Cards-AlemdoJob-Carolina-de-Oliveira-180x60.png 180w\" sizes=\"(max-width: 600px) 100vw, 600px\" \/> <img decoding=\"async\" loading=\"lazy\" class=\"size-full wp-image-2142\" src=\"http:\/\/alemdojob.ielusc.br\/wp-content\/uploads\/2020\/11\/Cards-AlemdoJob-Carolina-Luciani.png\" alt=\"Carolina Luciani\" width=\"600\" height=\"200\" srcset=\"https:\/\/alemdojob.ielusc.br\/wp-content\/uploads\/2020\/11\/Cards-AlemdoJob-Carolina-Luciani.png 600w, https:\/\/alemdojob.ielusc.br\/wp-content\/uploads\/2020\/11\/Cards-AlemdoJob-Carolina-Luciani-300x100.png 300w, https:\/\/alemdojob.ielusc.br\/wp-content\/uploads\/2020\/11\/Cards-AlemdoJob-Carolina-Luciani-180x60.png 180w\" sizes=\"(max-width: 600px) 100vw, 600px\" \/> <img decoding=\"async\" loading=\"lazy\" class=\"size-full wp-image-2143\" src=\"http:\/\/alemdojob.ielusc.br\/wp-content\/uploads\/2020\/11\/Cards-AlemdoJob-Eloisa-Soares.png\" alt=\"Eloisa Soares\" width=\"600\" height=\"200\" srcset=\"https:\/\/alemdojob.ielusc.br\/wp-content\/uploads\/2020\/11\/Cards-AlemdoJob-Eloisa-Soares.png 600w, https:\/\/alemdojob.ielusc.br\/wp-content\/uploads\/2020\/11\/Cards-AlemdoJob-Eloisa-Soares-300x100.png 300w, https:\/\/alemdojob.ielusc.br\/wp-content\/uploads\/2020\/11\/Cards-AlemdoJob-Eloisa-Soares-180x60.png 180w\" sizes=\"(max-width: 600px) 100vw, 600px\" \/> <img decoding=\"async\" loading=\"lazy\" class=\"size-full wp-image-2144\" src=\"http:\/\/alemdojob.ielusc.br\/wp-content\/uploads\/2020\/11\/Cards-AlemdoJob-Francis-Ribeiro.png\" alt=\"Francis Ribeiro\" width=\"600\" height=\"200\" srcset=\"https:\/\/alemdojob.ielusc.br\/wp-content\/uploads\/2020\/11\/Cards-AlemdoJob-Francis-Ribeiro.png 600w, https:\/\/alemdojob.ielusc.br\/wp-content\/uploads\/2020\/11\/Cards-AlemdoJob-Francis-Ribeiro-300x100.png 300w, https:\/\/alemdojob.ielusc.br\/wp-content\/uploads\/2020\/11\/Cards-AlemdoJob-Francis-Ribeiro-180x60.png 180w\" sizes=\"(max-width: 600px) 100vw, 600px\" \/> <img decoding=\"async\" loading=\"lazy\" class=\"size-full wp-image-2145\" src=\"http:\/\/alemdojob.ielusc.br\/wp-content\/uploads\/2020\/11\/Cards-AlemdoJob-Gabriele-Abatti.png\" alt=\"Gabriele Abatti\" width=\"600\" height=\"200\" srcset=\"https:\/\/alemdojob.ielusc.br\/wp-content\/uploads\/2020\/11\/Cards-AlemdoJob-Gabriele-Abatti.png 600w, https:\/\/alemdojob.ielusc.br\/wp-content\/uploads\/2020\/11\/Cards-AlemdoJob-Gabriele-Abatti-300x100.png 300w, https:\/\/alemdojob.ielusc.br\/wp-content\/uploads\/2020\/11\/Cards-AlemdoJob-Gabriele-Abatti-180x60.png 180w\" sizes=\"(max-width: 600px) 100vw, 600px\" \/>&nbsp;<\/p>\r\n","protected":false},"excerpt":{"rendered":"<p>Como tudo come\u00e7ou? Al\u00e9m do Job \u00e9 um projeto inicialmente desenvolvido pelos alunos da quarta &hellip; <\/p>\n","protected":false},"author":1,"featured_media":0,"parent":0,"menu_order":0,"comment_status":"closed","ping_status":"closed","template":"","meta":{"_mi_skip_tracking":false,"_exactmetrics_sitenote_active":false,"_exactmetrics_sitenote_note":"","_exactmetrics_sitenote_category":0,"ngg_post_thumbnail":0,"footnotes":""},"yoast_head":"<!-- This site is optimized with the Yoast SEO plugin v21.4 - https:\/\/yoast.com\/wordpress\/plugins\/seo\/ -->\n<title>Quem somos - Al\u00e9m do Job<\/title>\n<meta name=\"robots\" content=\"index, follow, max-snippet:-1, max-image-preview:large, max-video-preview:-1\" \/>\n<link rel=\"canonical\" href=\"https:\/\/alemdojob.ielusc.br\/index.php\/quemsomos\/\" \/>\n<meta property=\"og:locale\" content=\"pt_BR\" \/>\n<meta property=\"og:type\" content=\"article\" \/>\n<meta property=\"og:title\" content=\"Quem somos - Al\u00e9m do Job\" \/>\n<meta property=\"og:description\" content=\"Como tudo come\u00e7ou? Al\u00e9m do Job \u00e9 um projeto inicialmente desenvolvido pelos alunos da quarta &hellip;\" \/>\n<meta property=\"og:url\" content=\"https:\/\/alemdojob.ielusc.br\/index.php\/quemsomos\/\" \/>\n<meta property=\"og:site_name\" content=\"Al\u00e9m do Job\" \/>\n<meta property=\"article:modified_time\" content=\"2020-11-21T04:31:16+00:00\" \/>\n<meta property=\"og:image\" content=\"http:\/\/alemdojob.ielusc.br\/wp-content\/uploads\/2020\/11\/Cards-AlemdoJob-Adrielen-Cavalheiro-2.png\" \/>\n<meta name=\"twitter:card\" content=\"summary_large_image\" \/>\n<meta name=\"twitter:label1\" content=\"Est. tempo de leitura\" \/>\n\t<meta name=\"twitter:data1\" content=\"1 minuto\" \/>\n<script type=\"application\/ld+json\" class=\"yoast-schema-graph\">{\"@context\":\"https:\/\/schema.org\",\"@graph\":[{\"@type\":\"WebPage\",\"@id\":\"https:\/\/alemdojob.ielusc.br\/index.php\/quemsomos\/\",\"url\":\"https:\/\/alemdojob.ielusc.br\/index.php\/quemsomos\/\",\"name\":\"Quem somos - Al\u00e9m do Job\",\"isPartOf\":{\"@id\":\"https:\/\/alemdojob.ielusc.br\/#website\"},\"datePublished\":\"2018-09-18T23:59:04+00:00\",\"dateModified\":\"2020-11-21T04:31:16+00:00\",\"breadcrumb\":{\"@id\":\"https:\/\/alemdojob.ielusc.br\/index.php\/quemsomos\/#breadcrumb\"},\"inLanguage\":\"pt-BR\",\"potentialAction\":[{\"@type\":\"ReadAction\",\"target\":[\"https:\/\/alemdojob.ielusc.br\/index.php\/quemsomos\/\"]}]},{\"@type\":\"BreadcrumbList\",\"@id\":\"https:\/\/alemdojob.ielusc.br\/index.php\/quemsomos\/#breadcrumb\",\"itemListElement\":[{\"@type\":\"ListItem\",\"position\":1,\"name\":\"Home\",\"item\":\"https:\/\/alemdojob.ielusc.br\/\"},{\"@type\":\"ListItem\",\"position\":2,\"name\":\"Quem somos\"}]},{\"@type\":\"WebSite\",\"@id\":\"https:\/\/alemdojob.ielusc.br\/#website\",\"url\":\"https:\/\/alemdojob.ielusc.br\/\",\"name\":\"Al\u00e9m do Job\",\"description\":\"\",\"publisher\":{\"@id\":\"https:\/\/alemdojob.ielusc.br\/#organization\"},\"potentialAction\":[{\"@type\":\"SearchAction\",\"target\":{\"@type\":\"EntryPoint\",\"urlTemplate\":\"https:\/\/alemdojob.ielusc.br\/?s={search_term_string}\"},\"query-input\":\"required name=search_term_string\"}],\"inLanguage\":\"pt-BR\"},{\"@type\":\"Organization\",\"@id\":\"https:\/\/alemdojob.ielusc.br\/#organization\",\"name\":\"Al\u00e9m do Job\",\"url\":\"https:\/\/alemdojob.ielusc.br\/\",\"logo\":{\"@type\":\"ImageObject\",\"inLanguage\":\"pt-BR\",\"@id\":\"https:\/\/alemdojob.ielusc.br\/#\/schema\/logo\/image\/\",\"url\":\"https:\/\/alemdojob.ielusc.br\/wp-content\/uploads\/2018\/10\/cropped-Logo-Alem-do-Job-Final-e1538527573648-2.png\",\"contentUrl\":\"https:\/\/alemdojob.ielusc.br\/wp-content\/uploads\/2018\/10\/cropped-Logo-Alem-do-Job-Final-e1538527573648-2.png\",\"width\":150,\"height\":150,\"caption\":\"Al\u00e9m do Job\"},\"image\":{\"@id\":\"https:\/\/alemdojob.ielusc.br\/#\/schema\/logo\/image\/\"}}]}<\/script>\n<!-- \/ Yoast SEO plugin. -->","yoast_head_json":{"title":"Quem somos - Al\u00e9m do Job","robots":{"index":"index","follow":"follow","max-snippet":"max-snippet:-1","max-image-preview":"max-image-preview:large","max-video-preview":"max-video-preview:-1"},"canonical":"https:\/\/alemdojob.ielusc.br\/index.php\/quemsomos\/","og_locale":"pt_BR","og_type":"article","og_title":"Quem somos - Al\u00e9m do Job","og_description":"Como tudo come\u00e7ou? Al\u00e9m do Job \u00e9 um projeto inicialmente desenvolvido pelos alunos da quarta &hellip;","og_url":"https:\/\/alemdojob.ielusc.br\/index.php\/quemsomos\/","og_site_name":"Al\u00e9m do Job","article_modified_time":"2020-11-21T04:31:16+00:00","og_image":[{"url":"http:\/\/alemdojob.ielusc.br\/wp-content\/uploads\/2020\/11\/Cards-AlemdoJob-Adrielen-Cavalheiro-2.png"}],"twitter_card":"summary_large_image","twitter_misc":{"Est. tempo de leitura":"1 minuto"},"schema":{"@context":"https:\/\/schema.org","@graph":[{"@type":"WebPage","@id":"https:\/\/alemdojob.ielusc.br\/index.php\/quemsomos\/","url":"https:\/\/alemdojob.ielusc.br\/index.php\/quemsomos\/","name":"Quem somos - Al\u00e9m do Job","isPartOf":{"@id":"https:\/\/alemdojob.ielusc.br\/#website"},"datePublished":"2018-09-18T23:59:04+00:00","dateModified":"2020-11-21T04:31:16+00:00","breadcrumb":{"@id":"https:\/\/alemdojob.ielusc.br\/index.php\/quemsomos\/#breadcrumb"},"inLanguage":"pt-BR","potentialAction":[{"@type":"ReadAction","target":["https:\/\/alemdojob.ielusc.br\/index.php\/quemsomos\/"]}]},{"@type":"BreadcrumbList","@id":"https:\/\/alemdojob.ielusc.br\/index.php\/quemsomos\/#breadcrumb","itemListElement":[{"@type":"ListItem","position":1,"name":"Home","item":"https:\/\/alemdojob.ielusc.br\/"},{"@type":"ListItem","position":2,"name":"Quem somos"}]},{"@type":"WebSite","@id":"https:\/\/alemdojob.ielusc.br\/#website","url":"https:\/\/alemdojob.ielusc.br\/","name":"Al\u00e9m do Job","description":"","publisher":{"@id":"https:\/\/alemdojob.ielusc.br\/#organization"},"potentialAction":[{"@type":"SearchAction","target":{"@type":"EntryPoint","urlTemplate":"https:\/\/alemdojob.ielusc.br\/?s={search_term_string}"},"query-input":"required name=search_term_string"}],"inLanguage":"pt-BR"},{"@type":"Organization","@id":"https:\/\/alemdojob.ielusc.br\/#organization","name":"Al\u00e9m do Job","url":"https:\/\/alemdojob.ielusc.br\/","logo":{"@type":"ImageObject","inLanguage":"pt-BR","@id":"https:\/\/alemdojob.ielusc.br\/#\/schema\/logo\/image\/","url":"https:\/\/alemdojob.ielusc.br\/wp-content\/uploads\/2018\/10\/cropped-Logo-Alem-do-Job-Final-e1538527573648-2.png","contentUrl":"https:\/\/alemdojob.ielusc.br\/wp-content\/uploads\/2018\/10\/cropped-Logo-Alem-do-Job-Final-e1538527573648-2.png","width":150,"height":150,"caption":"Al\u00e9m do Job"},"image":{"@id":"https:\/\/alemdojob.ielusc.br\/#\/schema\/logo\/image\/"}}]}},"_links":{"self":[{"href":"https:\/\/alemdojob.ielusc.br\/index.php\/wp-json\/wp\/v2\/pages\/65"}],"collection":[{"href":"https:\/\/alemdojob.ielusc.br\/index.php\/wp-json\/wp\/v2\/pages"}],"about":[{"href":"https:\/\/alemdojob.ielusc.br\/index.php\/wp-json\/wp\/v2\/types\/page"}],"author":[{"embeddable":true,"href":"https:\/\/alemdojob.ielusc.br\/index.php\/wp-json\/wp\/v2\/users\/1"}],"replies":[{"embeddable":true,"href":"https:\/\/alemdojob.ielusc.br\/index.php\/wp-json\/wp\/v2\/comments?post=65"}],"version-history":[{"count":40,"href":"https:\/\/alemdojob.ielusc.br\/index.php\/wp-json\/wp\/v2\/pages\/65\/revisions"}],"predecessor-version":[{"id":2146,"href":"https:\/\/alemdojob.ielusc.br\/index.php\/wp-json\/wp\/v2\/pages\/65\/revisions\/2146"}],"wp:attachment":[{"href":"https:\/\/alemdojob.ielusc.br\/index.php\/wp-json\/wp\/v2\/media?parent=65"}],"curies":[{"name":"wp","href":"https:\/\/api.w.org\/{rel}","templated":true}]}}